{"id":546,"date":"2022-06-13T11:07:29","date_gmt":"2022-06-13T09:07:29","guid":{"rendered":"https:\/\/akz-schweiz.ch\/actualites\/"},"modified":"2025-08-21T13:39:03","modified_gmt":"2025-08-21T11:39:03","slug":"actualites","status":"publish","type":"page","link":"https:\/\/akz-schweiz.ch\/fr\/actualites\/","title":{"rendered":"Actualit\u00e9s"},"content":{"rendered":"<p><div class=\"fusion-fullwidth fullwidth-box fusion-builder-row-1 fusion-flex-container nonhundred-percent-fullwidth non-hundred-percent-height-scrolling\" style=\"--awb-border-radius-top-left:0px;--awb-border-radius-top-right:0px;--awb-border-radius-bottom-right:0px;--awb-border-radius-bottom-left:0px;--awb-flex-wrap:wrap;\" ><div class=\"fusion-builder-row fusion-row fusion-flex-align-items-flex-start fusion-flex-content-wrap\" style=\"max-width:1248px;margin-left: calc(-4% \/ 2 );margin-right: calc(-4% \/ 2 );\"><div class=\"fusion-layout-column fusion_builder_column fusion-builder-column-0 fusion_builder_column_1_1 1_1 fusion-flex-column\" style=\"--awb-bg-size:cover;--awb-width-large:100%;--awb-margin-top-large:0px;--awb-spacing-right-large:1.92%;--awb-margin-bottom-large:20px;--awb-spacing-left-large:1.92%;--awb-width-medium:100%;--awb-order-medium:0;--awb-spacing-right-medium:1.92%;--awb-spacing-left-medium:1.92%;--awb-width-small:100%;--awb-order-small:0;--awb-spacing-right-small:1.92%;--awb-spacing-left-small:1.92%;\"><div class=\"fusion-column-wrapper fusion-column-has-shadow fusion-flex-justify-content-flex-start fusion-content-layout-column\"><div class=\"fusion-title title fusion-title-1 fusion-sep-none fusion-title-text fusion-title-size-one\"><h1 class=\"fusion-title-heading title-heading-left\" style=\"margin:0;\">Actuel et diff\u00e9rent : nouvelles sur les propulsions alternatives<\/h1><\/div><div class=\"fusion-text fusion-text-1\"><p>Par des experts pour des experts : nous rassemblons ici pour vous des nouvelles int\u00e9ressantes concernant nos quatre domaines sp\u00e9cialis\u00e9s : \u00e9lectromobilit\u00e9, gaz et e-fuels ainsi que First et Second Life. Les contenus pr\u00e9sent\u00e9s vous aident \u00e0 vous faire votre propre opinion. Parfois, ils contredisent des th\u00e8ses courantes ; celles-ci sont cr\u00e9\u00e9es par les fabricants et les importateurs et, en raison de la mentalit\u00e9 copier-coller, diffus\u00e9es de mani\u00e8re assidue sur Internet. Nos actualit\u00e9s et notre expertise vous permettent d'avoir un deuxi\u00e8me avis neutre.<\/p>\n<\/div><\/div><\/div><\/div><\/div><div class=\"fusion-fullwidth fullwidth-box fusion-builder-row-2 fusion-flex-container nonhundred-percent-fullwidth non-hundred-percent-height-scrolling\" style=\"--awb-border-radius-top-left:0px;--awb-border-radius-top-right:0px;--awb-border-radius-bottom-right:0px;--awb-border-radius-bottom-left:0px;--awb-padding-top:50px;--awb-padding-bottom:50px;--awb-background-color:#efeded;--awb-flex-wrap:wrap;\" ><div class=\"fusion-builder-row fusion-row fusion-flex-align-items-flex-start fusion-flex-content-wrap\" style=\"max-width:1248px;margin-left: calc(-4% \/ 2 );margin-right: calc(-4% \/ 2 );\"><div class=\"fusion-layout-column fusion_builder_column fusion-builder-column-1 fusion_builder_column_1_1 1_1 fusion-flex-column\" style=\"--awb-bg-size:cover;--awb-width-large:100%;--awb-margin-top-large:0px;--awb-spacing-right-large:1.92%;--awb-margin-bottom-large:20px;--awb-spacing-left-large:1.92%;--awb-width-medium:100%;--awb-order-medium:0;--awb-spacing-right-medium:1.92%;--awb-spacing-left-medium:1.92%;--awb-width-small:100%;--awb-order-small:0;--awb-spacing-right-small:1.92%;--awb-spacing-left-small:1.92%;\"><div class=\"fusion-column-wrapper fusion-column-has-shadow fusion-flex-justify-content-flex-start fusion-content-layout-column\"><div class=\"fusion-blog-shortcode fusion-blog-shortcode-1 fusion-blog-archive fusion-blog-layout-grid-wrapper fusion-blog-no\"><style type=\"text\/css\">.fusion-blog-shortcode-1 .fusion-blog-layout-grid .fusion-post-grid{padding:20px;}.fusion-blog-shortcode-1 .fusion-posts-container{margin-left: -20px !important; margin-right:-20px !important;}<\/style><div class=\"fusion-posts-container fusion-posts-container-no fusion-no-meta-info fusion-blog-rollover fusion-blog-layout-grid fusion-blog-layout-grid-3 isotope\" data-pages=\"0\" data-grid-col-space=\"40\" style=\"margin: -20px -20px 0;min-height:500px;\"><article id=\"blog-1-post-1450\" class=\"fusion-post-grid post-1450 post type-post status-publish format-standard has-post-thumbnail hentry category-actualites\">\n<div class=\"fusion-post-wrapper\" style=\"background-color:rgba(255,255,255,1);border:1px solid #ef7d00;border-bottom-width:3px;\">\n\n\t\t\t<div class=\"fusion-flexslider flexslider fusion-flexslider-loading fusion-post-slideshow\" style=\"border-color:#ef7d00;\">\n\t\t<ul class=\"slides\">\n\t\t\t\n\t\t\t\t\t\t\t\t\t\t\t\t\t\t<li><div  class=\"fusion-image-wrapper\" aria-haspopup=\"true\">\n\t\t\t\t<img decoding=\"async\" width=\"733\" height=\"550\" src=\"https:\/\/akz-schweiz.ch\/wp-content\/uploads\/2025\/08\/China-4.jpg\" class=\"attachment-full size-full wp-post-image\" alt=\"\" srcset=\"https:\/\/akz-schweiz.ch\/wp-content\/uploads\/2025\/08\/China-4-200x150.jpg 200w, https:\/\/akz-schweiz.ch\/wp-content\/uploads\/2025\/08\/China-4-400x300.jpg 400w, https:\/\/akz-schweiz.ch\/wp-content\/uploads\/2025\/08\/China-4-600x450.jpg 600w, https:\/\/akz-schweiz.ch\/wp-content\/uploads\/2025\/08\/China-4.jpg 733w\" sizes=\"(min-width: 2200px) 100vw, (min-width: 784px) 373px, (min-width: 712px) 560px, (min-width: 640px) 712px, \" \/><div class=\"fusion-rollover\">\n\t<div class=\"fusion-rollover-content\">\n\n\t\t\t\t\n\t\t\n\t\t\t\t\t\t\t\t\n\t\t\t\t\t\t\t\t\n\t\t\n\t\t\t\t\t\t<a class=\"fusion-link-wrapper\" href=\"https:\/\/akz-schweiz.ch\/fr\/akz-goes-china-mai-2025\/\" aria-label=\"akz goes China, mai 2025\"><\/a>\n\t<\/div>\n<\/div>\n<\/div>\n<\/li>\n\t\t\t\n\t\t\t\n\t\t\t\t\t\t\t\t\t\t\t\t\t\t\t\t\t\t\t\t\t\t\t\t\t\t\t\t\t\t\t\t\t\t\t\t\t\t\t\t\t\t\t\t\t\t\t\t\t\t\t\t\t\t\t\t\t\t\t\t\t\t\t\t\t\t\t\t<\/ul>\n\t<\/div>\n\t<div class=\"fusion-post-content-wrapper\" style=\"padding:30px 25px 25px 25px;\"><div class=\"fusion-post-content post-content\"><h2 class=\"blog-shortcode-post-title entry-title\"><a href=\"https:\/\/akz-schweiz.ch\/fr\/akz-goes-china-mai-2025\/\">akz goes China, mai 2025<\/a><\/h2><div class=\"fusion-post-content-container\"><h3>Les uns le disent, les autres le font !<\/h3>\n<p><strong><br>De temps [\u2026]<\/strong><\/p>\n<\/div><\/div><\/div><div class=\"fusion-clearfix\"><\/div><\/div>\n<\/article>\n<article id=\"blog-1-post-1405\" class=\"fusion-post-grid post-1405 post type-post status-publish format-standard has-post-thumbnail hentry category-actualites\">\n<div class=\"fusion-post-wrapper\" style=\"background-color:rgba(255,255,255,1);border:1px solid #ef7d00;border-bottom-width:3px;\">\n\n\t\t\t<div class=\"fusion-flexslider flexslider fusion-flexslider-loading fusion-post-slideshow\" style=\"border-color:#ef7d00;\">\n\t\t<ul class=\"slides\">\n\t\t\t\n\t\t\t\t\t\t\t\t\t\t\t\t\t\t<li><div  class=\"fusion-image-wrapper\" aria-haspopup=\"true\">\n\t\t\t\t<img decoding=\"async\" width=\"1280\" height=\"689\" src=\"https:\/\/akz-schweiz.ch\/wp-content\/uploads\/2025\/08\/Webinar.png\" class=\"attachment-full size-full wp-post-image\" alt=\"\" srcset=\"https:\/\/akz-schweiz.ch\/wp-content\/uploads\/2025\/08\/Webinar-200x108.png 200w, https:\/\/akz-schweiz.ch\/wp-content\/uploads\/2025\/08\/Webinar-400x215.png 400w, https:\/\/akz-schweiz.ch\/wp-content\/uploads\/2025\/08\/Webinar-600x323.png 600w, https:\/\/akz-schweiz.ch\/wp-content\/uploads\/2025\/08\/Webinar-800x431.png 800w, https:\/\/akz-schweiz.ch\/wp-content\/uploads\/2025\/08\/Webinar-1200x646.png 1200w, https:\/\/akz-schweiz.ch\/wp-content\/uploads\/2025\/08\/Webinar.png 1280w\" sizes=\"(min-width: 2200px) 100vw, (min-width: 784px) 373px, (min-width: 712px) 560px, (min-width: 640px) 712px, \" \/><div class=\"fusion-rollover\">\n\t<div class=\"fusion-rollover-content\">\n\n\t\t\t\t\n\t\t\n\t\t\t\t\t\t\t\t\n\t\t\t\t\t\t\t\t\n\t\t\n\t\t\t\t\t\t<a class=\"fusion-link-wrapper\" href=\"https:\/\/akz-schweiz.ch\/fr\/adr-sdr-e-learning\/\" aria-label=\"ADR-SDR e-Learning\"><\/a>\n\t<\/div>\n<\/div>\n<\/div>\n<\/li>\n\t\t\t\n\t\t\t\n\t\t\t\t\t\t\t\t\t\t\t\t\t\t\t\t\t\t\t\t\t\t\t\t\t\t\t\t\t\t\t\t\t\t\t\t\t\t\t\t\t\t\t\t\t\t\t\t\t\t\t\t\t\t\t\t\t\t\t\t\t\t\t\t\t\t\t\t<\/ul>\n\t<\/div>\n\t<div class=\"fusion-post-content-wrapper\" style=\"padding:30px 25px 25px 25px;\"><div class=\"fusion-post-content post-content\"><h2 class=\"blog-shortcode-post-title entry-title\"><a href=\"https:\/\/akz-schweiz.ch\/fr\/adr-sdr-e-learning\/\">ADR-SDR e-Learning<\/a><\/h2><div class=\"fusion-post-content-container\"><h3>AKZ a d\u00e9velopp\u00e9, en collaboration avec l\u2019ASTAG, LiBaService24, auto-suisse et [\u2026]\n<\/h3><\/div><\/div><\/div><div class=\"fusion-clearfix\"><\/div><\/div>\n<\/article>\n<article id=\"blog-1-post-1364\" class=\"fusion-post-grid post-1364 post type-post status-publish format-standard has-post-thumbnail hentry category-actualites category-non-classifiee\">\n<div class=\"fusion-post-wrapper\" style=\"background-color:rgba(255,255,255,1);border:1px solid #ef7d00;border-bottom-width:3px;\">\n\n\t\t\t<div class=\"fusion-flexslider flexslider fusion-flexslider-loading fusion-post-slideshow\" style=\"border-color:#ef7d00;\">\n\t\t<ul class=\"slides\">\n\t\t\t\n\t\t\t\t\t\t\t\t\t\t\t\t\t\t<li><div  class=\"fusion-image-wrapper\" aria-haspopup=\"true\">\n\t\t\t\t<img decoding=\"async\" width=\"1920\" height=\"2560\" src=\"https:\/\/akz-schweiz.ch\/wp-content\/uploads\/2025\/03\/image1-scaled.jpeg\" class=\"attachment-full size-full wp-post-image\" alt=\"\" srcset=\"https:\/\/akz-schweiz.ch\/wp-content\/uploads\/2025\/03\/image1-200x267.jpeg 200w, https:\/\/akz-schweiz.ch\/wp-content\/uploads\/2025\/03\/image1-400x533.jpeg 400w, https:\/\/akz-schweiz.ch\/wp-content\/uploads\/2025\/03\/image1-600x800.jpeg 600w, https:\/\/akz-schweiz.ch\/wp-content\/uploads\/2025\/03\/image1-800x1067.jpeg 800w, https:\/\/akz-schweiz.ch\/wp-content\/uploads\/2025\/03\/image1-1200x1600.jpeg 1200w, https:\/\/akz-schweiz.ch\/wp-content\/uploads\/2025\/03\/image1-scaled.jpeg 1920w\" sizes=\"(min-width: 2200px) 100vw, (min-width: 784px) 373px, (min-width: 712px) 560px, (min-width: 640px) 712px, \" \/><div class=\"fusion-rollover\">\n\t<div class=\"fusion-rollover-content\">\n\n\t\t\t\t\n\t\t\n\t\t\t\t\t\t\t\t\n\t\t\t\t\t\t\t\t\n\t\t\n\t\t\t\t\t\t<a class=\"fusion-link-wrapper\" href=\"https:\/\/akz-schweiz.ch\/fr\/formation-tesla-pour-les-garages-sans-marque-un-debut-reussi\/\" aria-label=\"Formation Tesla pour les garages sans marque. &#8211; Un d\u00e9but r\u00e9ussi\"><\/a>\n\t<\/div>\n<\/div>\n<\/div>\n<\/li>\n\t\t\t\n\t\t\t\n\t\t\t\t\t\t\t\t\t\t\t\t\t\t\t\t\t\t\t\t\t\t\t\t\t\t\t\t\t\t\t\t\t\t\t\t\t\t\t\t\t\t\t\t\t\t\t\t\t\t\t\t\t\t\t\t\t\t\t\t\t\t\t\t\t\t\t\t<\/ul>\n\t<\/div>\n\t<div class=\"fusion-post-content-wrapper\" style=\"padding:30px 25px 25px 25px;\"><div class=\"fusion-post-content post-content\"><h2 class=\"blog-shortcode-post-title entry-title\"><a href=\"https:\/\/akz-schweiz.ch\/fr\/formation-tesla-pour-les-garages-sans-marque-un-debut-reussi\/\">Formation Tesla pour les garages sans marque. &#8211; Un d\u00e9but r\u00e9ussi<\/a><\/h2><div class=\"fusion-post-content-container\"><h3>L\u2019\u00e9lectromobilit\u00e9 est une r\u00e9alit\u00e9 sur nos routes depuis un certain [\u2026]\n<\/h3><\/div><\/div><\/div><div class=\"fusion-clearfix\"><\/div><\/div>\n<\/article>\n<article id=\"blog-1-post-1341\" class=\"fusion-post-grid post-1341 post type-post status-publish format-standard has-post-thumbnail hentry category-actualites category-non-classifiee\">\n<div class=\"fusion-post-wrapper\" style=\"background-color:rgba(255,255,255,1);border:1px solid #ef7d00;border-bottom-width:3px;\">\n\n\t\t\t<div class=\"fusion-flexslider flexslider fusion-flexslider-loading fusion-post-slideshow\" style=\"border-color:#ef7d00;\">\n\t\t<ul class=\"slides\">\n\t\t\t\n\t\t\t\t\t\t\t\t\t\t\t\t\t\t<li><div  class=\"fusion-image-wrapper\" aria-haspopup=\"true\">\n\t\t\t\t<img decoding=\"async\" width=\"510\" height=\"294\" src=\"https:\/\/akz-schweiz.ch\/wp-content\/uploads\/2024\/10\/Batrec-1.png\" class=\"attachment-full size-full wp-post-image\" alt=\"\" srcset=\"https:\/\/akz-schweiz.ch\/wp-content\/uploads\/2024\/10\/Batrec-1-200x115.png 200w, https:\/\/akz-schweiz.ch\/wp-content\/uploads\/2024\/10\/Batrec-1-400x231.png 400w, https:\/\/akz-schweiz.ch\/wp-content\/uploads\/2024\/10\/Batrec-1.png 510w\" sizes=\"(min-width: 2200px) 100vw, (min-width: 784px) 373px, (min-width: 712px) 560px, (min-width: 640px) 712px, \" \/><div class=\"fusion-rollover\">\n\t<div class=\"fusion-rollover-content\">\n\n\t\t\t\t\n\t\t\n\t\t\t\t\t\t\t\t\n\t\t\t\t\t\t\t\t\n\t\t\n\t\t\t\t\t\t<a class=\"fusion-link-wrapper\" href=\"https:\/\/akz-schweiz.ch\/fr\/batrec-pionnier-suisse-du-recyclage-des-batteries\/\" aria-label=\"BATREC: Pionnier suisse du recyclage des batteries\"><\/a>\n\t<\/div>\n<\/div>\n<\/div>\n<\/li>\n\t\t\t\n\t\t\t\n\t\t\t\t\t\t\t\t\t\t\t\t\t\t\t\t\t\t\t\t\t\t\t\t\t\t\t\t\t\t\t\t\t\t\t\t\t\t\t\t\t\t\t\t\t\t\t\t\t\t\t\t\t\t\t\t\t\t\t\t\t\t\t\t\t\t\t\t<\/ul>\n\t<\/div>\n\t<div class=\"fusion-post-content-wrapper\" style=\"padding:30px 25px 25px 25px;\"><div class=\"fusion-post-content post-content\"><h2 class=\"blog-shortcode-post-title entry-title\"><a href=\"https:\/\/akz-schweiz.ch\/fr\/batrec-pionnier-suisse-du-recyclage-des-batteries\/\">BATREC: Pionnier suisse du recyclage des batteries<\/a><\/h2><div class=\"fusion-post-content-container\"><h3>Le 11 octobre, AKZ \u00e9tait l\u2019invit\u00e9 de BATREC Industrie AG [\u2026]\n<\/h3><\/div><\/div><\/div><div class=\"fusion-clearfix\"><\/div><\/div>\n<\/article>\n<article id=\"blog-1-post-1300\" class=\"fusion-post-grid post-1300 post type-post status-publish format-standard has-post-thumbnail hentry category-actualites\">\n<div class=\"fusion-post-wrapper\" style=\"background-color:rgba(255,255,255,1);border:1px solid #ef7d00;border-bottom-width:3px;\">\n\n\t\t\t<div class=\"fusion-flexslider flexslider fusion-flexslider-loading fusion-post-slideshow\" style=\"border-color:#ef7d00;\">\n\t\t<ul class=\"slides\">\n\t\t\t\n\t\t\t\t\t\t\t\t\t\t\t\t\t\t<li><div  class=\"fusion-image-wrapper\" aria-haspopup=\"true\">\n\t\t\t\t<img decoding=\"async\" width=\"600\" height=\"480\" src=\"https:\/\/akz-schweiz.ch\/wp-content\/uploads\/2024\/03\/Beitrag_Tesla.jpeg\" class=\"attachment-full size-full wp-post-image\" alt=\"\" srcset=\"https:\/\/akz-schweiz.ch\/wp-content\/uploads\/2024\/03\/Beitrag_Tesla-200x160.jpeg 200w, https:\/\/akz-schweiz.ch\/wp-content\/uploads\/2024\/03\/Beitrag_Tesla-400x320.jpeg 400w, https:\/\/akz-schweiz.ch\/wp-content\/uploads\/2024\/03\/Beitrag_Tesla.jpeg 600w\" sizes=\"(min-width: 2200px) 100vw, (min-width: 784px) 373px, (min-width: 712px) 560px, (min-width: 640px) 712px, \" \/><div class=\"fusion-rollover\">\n\t<div class=\"fusion-rollover-content\">\n\n\t\t\t\t\n\t\t\n\t\t\t\t\t\t\t\t\n\t\t\t\t\t\t\t\t\n\t\t\n\t\t\t\t\t\t<a class=\"fusion-link-wrapper\" href=\"https:\/\/akz-schweiz.ch\/fr\/les-garages-independants-remettent-ils-les-tesla-en-etat-de-marche\/\" aria-label=\"Les garages ind\u00e9pendants remettent-ils les Tesla en \u00e9tat de marche ?\"><\/a>\n\t<\/div>\n<\/div>\n<\/div>\n<\/li>\n\t\t\t\n\t\t\t\n\t\t\t\t\t\t\t\t\t\t\t\t\t\t\t\t\t\t\t\t\t\t\t\t\t\t\t\t\t\t\t\t\t\t\t\t\t\t\t\t\t\t\t\t\t\t\t\t\t\t\t\t\t\t\t\t\t\t\t\t\t\t\t\t\t\t\t\t<\/ul>\n\t<\/div>\n\t<div class=\"fusion-post-content-wrapper\" style=\"padding:30px 25px 25px 25px;\"><div class=\"fusion-post-content post-content\"><h2 class=\"blog-shortcode-post-title entry-title\"><a href=\"https:\/\/akz-schweiz.ch\/fr\/les-garages-independants-remettent-ils-les-tesla-en-etat-de-marche\/\">Les garages ind\u00e9pendants remettent-ils les Tesla en \u00e9tat de marche ?<\/a><\/h2><div class=\"fusion-post-content-container\"><p>Lorsqu\u2019un service de remorquage am\u00e8ne une Tesla dans un garage [\u2026]<\/p>\n<\/div><\/div><\/div><div class=\"fusion-clearfix\"><\/div><\/div>\n<\/article>\n<article id=\"blog-1-post-1064\" class=\"fusion-post-grid post-1064 post type-post status-publish format-standard has-post-thumbnail hentry category-actualites\">\n<div class=\"fusion-post-wrapper\" style=\"background-color:rgba(255,255,255,1);border:1px solid #ef7d00;border-bottom-width:3px;\">\n\n\t\t\t<div class=\"fusion-flexslider flexslider fusion-flexslider-loading fusion-post-slideshow\" style=\"border-color:#ef7d00;\">\n\t\t<ul class=\"slides\">\n\t\t\t\n\t\t\t\t\t\t\t\t\t\t\t\t\t\t<li><div  class=\"fusion-image-wrapper\" aria-haspopup=\"true\">\n\t\t\t\t<img decoding=\"async\" width=\"646\" height=\"318\" src=\"https:\/\/akz-schweiz.ch\/wp-content\/uploads\/2023\/12\/Cadillac-AKZ-Beitrag.jpg\" class=\"attachment-full size-full wp-post-image\" alt=\"\" srcset=\"https:\/\/akz-schweiz.ch\/wp-content\/uploads\/2023\/12\/Cadillac-AKZ-Beitrag-200x98.jpg 200w, https:\/\/akz-schweiz.ch\/wp-content\/uploads\/2023\/12\/Cadillac-AKZ-Beitrag-400x197.jpg 400w, https:\/\/akz-schweiz.ch\/wp-content\/uploads\/2023\/12\/Cadillac-AKZ-Beitrag-600x295.jpg 600w, https:\/\/akz-schweiz.ch\/wp-content\/uploads\/2023\/12\/Cadillac-AKZ-Beitrag.jpg 646w\" sizes=\"(min-width: 2200px) 100vw, (min-width: 784px) 373px, (min-width: 712px) 560px, (min-width: 640px) 712px, \" \/><div class=\"fusion-rollover\">\n\t<div class=\"fusion-rollover-content\">\n\n\t\t\t\t\n\t\t\n\t\t\t\t\t\t\t\t\n\t\t\t\t\t\t\t\t\n\t\t\n\t\t\t\t\t\t<a class=\"fusion-link-wrapper\" href=\"https:\/\/akz-schweiz.ch\/fr\/un-grand-succes-dans-une-petite-entreprise\/\" aria-label=\"Un grand succ\u00e8s dans une petite entreprise\"><\/a>\n\t<\/div>\n<\/div>\n<\/div>\n<\/li>\n\t\t\t\n\t\t\t\n\t\t\t\t\t\t\t\t\t\t\t\t\t\t\t\t\t\t\t\t\t\t\t\t\t\t\t\t\t\t\t\t\t\t\t\t\t\t\t\t\t\t\t\t\t\t\t\t\t\t\t\t\t\t\t\t\t\t\t\t\t\t\t\t\t\t\t\t<\/ul>\n\t<\/div>\n\t<div class=\"fusion-post-content-wrapper\" style=\"padding:30px 25px 25px 25px;\"><div class=\"fusion-post-content post-content\"><h2 class=\"blog-shortcode-post-title entry-title\"><a href=\"https:\/\/akz-schweiz.ch\/fr\/un-grand-succes-dans-une-petite-entreprise\/\">Un grand succ\u00e8s dans une petite entreprise<\/a><\/h2><div class=\"fusion-post-content-container\"><p class=\"western\" align=\"justify\"><span lang=\"fr-CH\">Josip Cubela, copropri\u00e9taire du Garage Ibach GmbH [\u2026]<\/span><\/p>\n<\/div><\/div><\/div><div class=\"fusion-clearfix\"><\/div><\/div>\n<\/article>\n<article id=\"blog-1-post-1036\" class=\"fusion-post-grid post-1036 post type-post status-publish format-standard has-post-thumbnail hentry category-actualites\">\n<div class=\"fusion-post-wrapper\" style=\"background-color:rgba(255,255,255,1);border:1px solid #ef7d00;border-bottom-width:3px;\">\n\n\t\t\t<div class=\"fusion-flexslider flexslider fusion-flexslider-loading fusion-post-slideshow\" style=\"border-color:#ef7d00;\">\n\t\t<ul class=\"slides\">\n\t\t\t\n\t\t\t\t\t\t\t\t\t\t\t\t\t\t<li><div  class=\"fusion-image-wrapper\" aria-haspopup=\"true\">\n\t\t\t\t<img decoding=\"async\" width=\"1769\" height=\"776\" src=\"https:\/\/akz-schweiz.ch\/wp-content\/uploads\/2023\/12\/AM_Vehicules_a_gaz.png\" class=\"attachment-full size-full wp-post-image\" alt=\"\" srcset=\"https:\/\/akz-schweiz.ch\/wp-content\/uploads\/2023\/12\/AM_Vehicules_a_gaz-200x88.png 200w, https:\/\/akz-schweiz.ch\/wp-content\/uploads\/2023\/12\/AM_Vehicules_a_gaz-400x175.png 400w, https:\/\/akz-schweiz.ch\/wp-content\/uploads\/2023\/12\/AM_Vehicules_a_gaz-600x263.png 600w, https:\/\/akz-schweiz.ch\/wp-content\/uploads\/2023\/12\/AM_Vehicules_a_gaz-800x351.png 800w, https:\/\/akz-schweiz.ch\/wp-content\/uploads\/2023\/12\/AM_Vehicules_a_gaz-1200x526.png 1200w, https:\/\/akz-schweiz.ch\/wp-content\/uploads\/2023\/12\/AM_Vehicules_a_gaz.png 1769w\" sizes=\"(min-width: 2200px) 100vw, (min-width: 784px) 373px, (min-width: 712px) 560px, (min-width: 640px) 712px, \" \/><div class=\"fusion-rollover\">\n\t<div class=\"fusion-rollover-content\">\n\n\t\t\t\t\n\t\t\n\t\t\t\t\t\t\t\t\n\t\t\t\t\t\t\t\t\n\t\t\n\t\t\t\t\t\t<a class=\"fusion-link-wrapper\" href=\"https:\/\/akz-schweiz.ch\/fr\/ofrou-aide-memoire-concernant-les-vehicules-a-gaz\/\" aria-label=\"OFROU -Aide-m\u00e9moire concernant les v\u00e9hicules \u00e0 gaz\"><\/a>\n\t<\/div>\n<\/div>\n<\/div>\n<\/li>\n\t\t\t\n\t\t\t\n\t\t\t\t\t\t\t\t\t\t\t\t\t\t\t\t\t\t\t\t\t\t\t\t\t\t\t\t\t\t\t\t\t\t\t\t\t\t\t\t\t\t\t\t\t\t\t\t\t\t\t\t\t\t\t\t\t\t\t\t\t\t\t\t\t\t\t\t<\/ul>\n\t<\/div>\n\t<div class=\"fusion-post-content-wrapper\" style=\"padding:30px 25px 25px 25px;\"><div class=\"fusion-post-content post-content\"><h2 class=\"blog-shortcode-post-title entry-title\"><a href=\"https:\/\/akz-schweiz.ch\/fr\/ofrou-aide-memoire-concernant-les-vehicules-a-gaz\/\">OFROU -Aide-m\u00e9moire concernant les v\u00e9hicules \u00e0 gaz<\/a><\/h2><div class=\"fusion-post-content-container\"><p>L\u2019Office f\u00e9d\u00e9ral des routes (OFROU) a r\u00e9vis\u00e9, compl\u00e9t\u00e9 et maintenant [\u2026]<\/p>\n<\/div><\/div><\/div><div class=\"fusion-clearfix\"><\/div><\/div>\n<\/article>\n<article id=\"blog-1-post-964\" class=\"fusion-post-grid post-964 post type-post status-publish format-standard has-post-thumbnail hentry category-actualites\">\n<div class=\"fusion-post-wrapper\" style=\"background-color:rgba(255,255,255,1);border:1px solid #ef7d00;border-bottom-width:3px;\">\n\n\t\t\t<div class=\"fusion-flexslider flexslider fusion-flexslider-loading fusion-post-slideshow\" style=\"border-color:#ef7d00;\">\n\t\t<ul class=\"slides\">\n\t\t\t\n\t\t\t\t\t\t\t\t\t\t\t\t\t\t<li><div  class=\"fusion-image-wrapper\" aria-haspopup=\"true\">\n\t\t\t\t<img decoding=\"async\" width=\"1456\" height=\"173\" src=\"https:\/\/akz-schweiz.ch\/wp-content\/uploads\/2023\/09\/Congress_Valencia.png\" class=\"attachment-full size-full wp-post-image\" alt=\"\" srcset=\"https:\/\/akz-schweiz.ch\/wp-content\/uploads\/2023\/09\/Congress_Valencia-200x24.png 200w, https:\/\/akz-schweiz.ch\/wp-content\/uploads\/2023\/09\/Congress_Valencia-400x48.png 400w, https:\/\/akz-schweiz.ch\/wp-content\/uploads\/2023\/09\/Congress_Valencia-600x71.png 600w, https:\/\/akz-schweiz.ch\/wp-content\/uploads\/2023\/09\/Congress_Valencia-800x95.png 800w, https:\/\/akz-schweiz.ch\/wp-content\/uploads\/2023\/09\/Congress_Valencia-1200x143.png 1200w, https:\/\/akz-schweiz.ch\/wp-content\/uploads\/2023\/09\/Congress_Valencia.png 1456w\" sizes=\"(min-width: 2200px) 100vw, (min-width: 784px) 373px, (min-width: 712px) 560px, (min-width: 640px) 712px, \" \/><div class=\"fusion-rollover\">\n\t<div class=\"fusion-rollover-content\">\n\n\t\t\t\t\n\t\t\n\t\t\t\t\t\t\t\t\n\t\t\t\t\t\t\t\t\n\t\t\n\t\t\t\t\t\t<a class=\"fusion-link-wrapper\" href=\"https:\/\/akz-schweiz.ch\/fr\/congres-internaional-sur-le-recyclage-des-batteries\/\" aria-label=\"Congr\u00e8s internaional sur le recyclage des batteries\"><\/a>\n\t<\/div>\n<\/div>\n<\/div>\n<\/li>\n\t\t\t\n\t\t\t\n\t\t\t\t\t\t\t\t\t\t\t\t\t\t\t\t\t\t\t\t\t\t\t\t\t\t\t\t\t\t\t\t\t\t\t\t\t\t\t\t\t\t\t\t\t\t\t\t\t\t\t\t\t\t\t\t\t\t\t\t\t\t\t\t\t\t\t\t<\/ul>\n\t<\/div>\n\t<div class=\"fusion-post-content-wrapper\" style=\"padding:30px 25px 25px 25px;\"><div class=\"fusion-post-content post-content\"><h2 class=\"blog-shortcode-post-title entry-title\"><a href=\"https:\/\/akz-schweiz.ch\/fr\/congres-internaional-sur-le-recyclage-des-batteries\/\">Congr\u00e8s internaional sur le recyclage des batteries<\/a><\/h2><div class=\"fusion-post-content-container\"><p>Notre chef de la strat\u00e9gie, Viktor Haefeli, a particip\u00e9 au [\u2026]<\/p>\n<\/div><\/div><\/div><div class=\"fusion-clearfix\"><\/div><\/div>\n<\/article>\n<article id=\"blog-1-post-945\" class=\"fusion-post-grid post-945 post type-post status-publish format-standard has-post-thumbnail hentry category-actualites\">\n<div class=\"fusion-post-wrapper\" style=\"background-color:rgba(255,255,255,1);border:1px solid #ef7d00;border-bottom-width:3px;\">\n\n\t\t\t<div class=\"fusion-flexslider flexslider fusion-flexslider-loading fusion-post-slideshow\" style=\"border-color:#ef7d00;\">\n\t\t<ul class=\"slides\">\n\t\t\t\n\t\t\t\t\t\t\t\t\t\t\t\t\t\t<li><div  class=\"fusion-image-wrapper\" aria-haspopup=\"true\">\n\t\t\t\t<img decoding=\"async\" width=\"454\" height=\"298\" src=\"https:\/\/akz-schweiz.ch\/wp-content\/uploads\/2023\/08\/FS-CH_ETH.jpg\" class=\"attachment-full size-full wp-post-image\" alt=\"\" srcset=\"https:\/\/akz-schweiz.ch\/wp-content\/uploads\/2023\/08\/FS-CH_ETH-200x131.jpg 200w, https:\/\/akz-schweiz.ch\/wp-content\/uploads\/2023\/08\/FS-CH_ETH-400x263.jpg 400w, https:\/\/akz-schweiz.ch\/wp-content\/uploads\/2023\/08\/FS-CH_ETH.jpg 454w\" sizes=\"(min-width: 2200px) 100vw, (min-width: 784px) 373px, (min-width: 712px) 560px, (min-width: 640px) 712px, \" \/><div class=\"fusion-rollover\">\n\t<div class=\"fusion-rollover-content\">\n\n\t\t\t\t\n\t\t\n\t\t\t\t\t\t\t\t\n\t\t\t\t\t\t\t\t\n\t\t\n\t\t\t\t\t\t<a class=\"fusion-link-wrapper\" href=\"https:\/\/akz-schweiz.ch\/fr\/manifestation-sportive-de-haut-niveau-a-ulrichen-vs\/\" aria-label=\"Manifestation sportive de haut niveau \u00e0 Ulrichen VS\"><\/a>\n\t<\/div>\n<\/div>\n<\/div>\n<\/li>\n\t\t\t\n\t\t\t\n\t\t\t\t\t\t\t\t\t\t\t\t\t\t\t\t\t\t\t\t\t\t\t\t\t\t\t\t\t\t\t\t\t\t\t\t\t\t\t\t\t\t\t\t\t\t\t\t\t\t\t\t\t\t\t\t\t\t\t\t\t\t\t\t\t\t\t\t<\/ul>\n\t<\/div>\n\t<div class=\"fusion-post-content-wrapper\" style=\"padding:30px 25px 25px 25px;\"><div class=\"fusion-post-content post-content\"><h2 class=\"blog-shortcode-post-title entry-title\"><a href=\"https:\/\/akz-schweiz.ch\/fr\/manifestation-sportive-de-haut-niveau-a-ulrichen-vs\/\">Manifestation sportive de haut niveau \u00e0 Ulrichen VS<\/a><\/h2><div class=\"fusion-post-content-container\"><p class=\"western\"><span style=\"font-family: Helvetica Neue, sans-serif;\"><span style=\"font-size: small;\"><span lang=\"fr-CA\"><b>Du 1er [\u2026]<\/b><\/span><\/span><\/span><\/p>\n<\/div><\/div><\/div><div class=\"fusion-clearfix\"><\/div><\/div>\n<\/article>\n<article id=\"blog-1-post-935\" class=\"fusion-post-grid post-935 post type-post status-publish format-standard has-post-thumbnail hentry category-actualites\">\n<div class=\"fusion-post-wrapper\" style=\"background-color:rgba(255,255,255,1);border:1px solid #ef7d00;border-bottom-width:3px;\">\n\n\t\t\t<div class=\"fusion-flexslider flexslider fusion-flexslider-loading fusion-post-slideshow\" style=\"border-color:#ef7d00;\">\n\t\t<ul class=\"slides\">\n\t\t\t\n\t\t\t\t\t\t\t\t\t\t\t\t\t\t<li><div  class=\"fusion-image-wrapper\" aria-haspopup=\"true\">\n\t\t\t\t<img decoding=\"async\" width=\"1024\" height=\"584\" src=\"https:\/\/akz-schweiz.ch\/wp-content\/uploads\/2023\/08\/ZEBRA-Batterie.jpg\" class=\"attachment-full size-full wp-post-image\" alt=\"\" srcset=\"https:\/\/akz-schweiz.ch\/wp-content\/uploads\/2023\/08\/ZEBRA-Batterie-200x114.jpg 200w, https:\/\/akz-schweiz.ch\/wp-content\/uploads\/2023\/08\/ZEBRA-Batterie-400x228.jpg 400w, https:\/\/akz-schweiz.ch\/wp-content\/uploads\/2023\/08\/ZEBRA-Batterie-600x342.jpg 600w, https:\/\/akz-schweiz.ch\/wp-content\/uploads\/2023\/08\/ZEBRA-Batterie-800x456.jpg 800w, https:\/\/akz-schweiz.ch\/wp-content\/uploads\/2023\/08\/ZEBRA-Batterie.jpg 1024w\" sizes=\"(min-width: 2200px) 100vw, (min-width: 784px) 373px, (min-width: 712px) 560px, (min-width: 640px) 712px, \" \/><div class=\"fusion-rollover\">\n\t<div class=\"fusion-rollover-content\">\n\n\t\t\t\t\n\t\t\n\t\t\t\t\t\t\t\t\n\t\t\t\t\t\t\t\t\n\t\t\n\t\t\t\t\t\t<a class=\"fusion-link-wrapper\" href=\"https:\/\/akz-schweiz.ch\/fr\/analyse-des-dommages-sur-une-batterie-zebra\/\" aria-label=\"Analyse des dommages sur une batterie ZEBRA\"><\/a>\n\t<\/div>\n<\/div>\n<\/div>\n<\/li>\n\t\t\t\n\t\t\t\n\t\t\t\t\t\t\t\t\t\t\t\t\t\t\t\t\t\t\t\t\t\t\t\t\t\t\t\t\t\t\t\t\t\t\t\t\t\t\t\t\t\t\t\t\t\t\t\t\t\t\t\t\t\t\t\t\t\t\t\t\t\t\t\t\t\t\t\t<\/ul>\n\t<\/div>\n\t<div class=\"fusion-post-content-wrapper\" style=\"padding:30px 25px 25px 25px;\"><div class=\"fusion-post-content post-content\"><h2 class=\"blog-shortcode-post-title entry-title\"><a href=\"https:\/\/akz-schweiz.ch\/fr\/analyse-des-dommages-sur-une-batterie-zebra\/\">Analyse des dommages sur une batterie ZEBRA<\/a><\/h2><div class=\"fusion-post-content-container\"><p class=\"western\"><span style=\"color: #000080;\"><span style=\"color: #000000;\"><span style=\"font-family: Helvetica Neue, sans-serif;\"><span>\n<\/span><\/span><\/span><\/span><\/p><\/div><\/div><\/div><div class=\"fusion-clearfix\"><\/div><\/div>\n<\/article>\n<article id=\"blog-1-post-888\" class=\"fusion-post-grid post-888 post type-post status-publish format-standard has-post-thumbnail hentry category-actualites\">\n<div class=\"fusion-post-wrapper\" style=\"background-color:rgba(255,255,255,1);border:1px solid #ef7d00;border-bottom-width:3px;\">\n\n\t\t\t<div class=\"fusion-flexslider flexslider fusion-flexslider-loading fusion-post-slideshow\" style=\"border-color:#ef7d00;\">\n\t\t<ul class=\"slides\">\n\t\t\t\n\t\t\t\t\t\t\t\t\t\t\t\t\t\t<li><div  class=\"fusion-image-wrapper\" aria-haspopup=\"true\">\n\t\t\t\t<img decoding=\"async\" width=\"2560\" height=\"1325\" src=\"https:\/\/akz-schweiz.ch\/wp-content\/uploads\/2023\/05\/Kaffeesatz-scaled.jpg\" class=\"attachment-full size-full wp-post-image\" alt=\"\" srcset=\"https:\/\/akz-schweiz.ch\/wp-content\/uploads\/2023\/05\/Kaffeesatz-200x104.jpg 200w, https:\/\/akz-schweiz.ch\/wp-content\/uploads\/2023\/05\/Kaffeesatz-400x207.jpg 400w, https:\/\/akz-schweiz.ch\/wp-content\/uploads\/2023\/05\/Kaffeesatz-600x311.jpg 600w, https:\/\/akz-schweiz.ch\/wp-content\/uploads\/2023\/05\/Kaffeesatz-800x414.jpg 800w, https:\/\/akz-schweiz.ch\/wp-content\/uploads\/2023\/05\/Kaffeesatz-1200x621.jpg 1200w, https:\/\/akz-schweiz.ch\/wp-content\/uploads\/2023\/05\/Kaffeesatz-scaled.jpg 2560w\" sizes=\"(min-width: 2200px) 100vw, (min-width: 784px) 373px, (min-width: 712px) 560px, (min-width: 640px) 712px, \" \/><div class=\"fusion-rollover\">\n\t<div class=\"fusion-rollover-content\">\n\n\t\t\t\t\n\t\t\n\t\t\t\t\t\t\t\t\n\t\t\t\t\t\t\t\t\n\t\t\n\t\t\t\t\t\t<a class=\"fusion-link-wrapper\" href=\"https:\/\/akz-schweiz.ch\/fr\/marc-de-cafe-pour-la-production-de-biodiesel\/\" aria-label=\"Marc de caf\u00e9 pour la production de biodiesel\"><\/a>\n\t<\/div>\n<\/div>\n<\/div>\n<\/li>\n\t\t\t\n\t\t\t\n\t\t\t\t\t\t\t\t\t\t\t\t\t\t\t\t\t\t\t\t\t\t\t\t\t\t\t\t\t\t\t\t\t\t\t\t\t\t\t\t\t\t\t\t\t\t\t\t\t\t\t\t\t\t\t\t\t\t\t\t\t\t\t\t\t\t\t\t<\/ul>\n\t<\/div>\n\t<div class=\"fusion-post-content-wrapper\" style=\"padding:30px 25px 25px 25px;\"><div class=\"fusion-post-content post-content\"><h2 class=\"blog-shortcode-post-title entry-title\"><a href=\"https:\/\/akz-schweiz.ch\/fr\/marc-de-cafe-pour-la-production-de-biodiesel\/\">Marc de caf\u00e9 pour la production de biodiesel<\/a><\/h2><div class=\"fusion-post-content-container\"><div class=\"page\" title=\"Page 1\">\n<div class=\"layoutArea\">\n<div class=\"column\">\n<p>Au lieu de finir a\u0300 [\u2026]<\/p>\n<\/div><\/div><\/div><\/div><\/div><\/div><div class=\"fusion-clearfix\"><\/div><\/div>\n<\/article>\n<article id=\"blog-1-post-856\" class=\"fusion-post-grid post-856 post type-post status-publish format-standard has-post-thumbnail hentry category-actualites category-non-classifiee\">\n<div class=\"fusion-post-wrapper\" style=\"background-color:rgba(255,255,255,1);border:1px solid #ef7d00;border-bottom-width:3px;\">\n\n\t\t\t<div class=\"fusion-flexslider flexslider fusion-flexslider-loading fusion-post-slideshow\" style=\"border-color:#ef7d00;\">\n\t\t<ul class=\"slides\">\n\t\t\t\n\t\t\t\t\t\t\t\t\t\t\t\t\t\t<li><div  class=\"fusion-image-wrapper\" aria-haspopup=\"true\">\n\t\t\t\t<img decoding=\"async\" width=\"1476\" height=\"794\" src=\"https:\/\/akz-schweiz.ch\/wp-content\/uploads\/2023\/04\/Kibag-Lastwagen.png\" class=\"attachment-full size-full wp-post-image\" alt=\"\" srcset=\"https:\/\/akz-schweiz.ch\/wp-content\/uploads\/2023\/04\/Kibag-Lastwagen-200x108.png 200w, https:\/\/akz-schweiz.ch\/wp-content\/uploads\/2023\/04\/Kibag-Lastwagen-400x215.png 400w, https:\/\/akz-schweiz.ch\/wp-content\/uploads\/2023\/04\/Kibag-Lastwagen-600x323.png 600w, https:\/\/akz-schweiz.ch\/wp-content\/uploads\/2023\/04\/Kibag-Lastwagen-800x430.png 800w, https:\/\/akz-schweiz.ch\/wp-content\/uploads\/2023\/04\/Kibag-Lastwagen-1200x646.png 1200w, https:\/\/akz-schweiz.ch\/wp-content\/uploads\/2023\/04\/Kibag-Lastwagen.png 1476w\" sizes=\"(min-width: 2200px) 100vw, (min-width: 784px) 373px, (min-width: 712px) 560px, (min-width: 640px) 712px, \" \/><div class=\"fusion-rollover\">\n\t<div class=\"fusion-rollover-content\">\n\n\t\t\t\t\n\t\t\n\t\t\t\t\t\t\t\t\n\t\t\t\t\t\t\t\t\n\t\t\n\t\t\t\t\t\t<a class=\"fusion-link-wrapper\" href=\"https:\/\/akz-schweiz.ch\/fr\/double-succes-pour-combifuel-swiss-sa-membre-de-lakz\/\" aria-label=\"Double succ\u00e8s pour CombiFuel Swiss SA, membre de l&rsquo;AKZ\"><\/a>\n\t<\/div>\n<\/div>\n<\/div>\n<\/li>\n\t\t\t\n\t\t\t\n\t\t\t\t\t\t\t\t\t\t\t\t\t\t\t\t\t\t\t\t\t\t\t\t\t\t\t\t\t\t\t\t\t\t\t\t\t\t\t\t\t\t\t\t\t\t\t\t\t\t\t\t\t\t\t\t\t\t\t\t\t\t\t\t\t\t\t\t<\/ul>\n\t<\/div>\n\t<div class=\"fusion-post-content-wrapper\" style=\"padding:30px 25px 25px 25px;\"><div class=\"fusion-post-content post-content\"><h2 class=\"blog-shortcode-post-title entry-title\"><a href=\"https:\/\/akz-schweiz.ch\/fr\/double-succes-pour-combifuel-swiss-sa-membre-de-lakz\/\">Double succ\u00e8s pour CombiFuel Swiss SA, membre de l&rsquo;AKZ<\/a><\/h2><div class=\"fusion-post-content-container\"><p><strong><br><span style=\"font-family: Helvetica Neue, sans-serif;\">Combifuel Swiss SA a r\u00e9ussi \u00e0 [\u2026]<\/span><\/strong><\/p>\n<\/div><\/div><\/div><div class=\"fusion-clearfix\"><\/div><\/div>\n<\/article>\n<article id=\"blog-1-post-791\" class=\"fusion-post-grid post-791 post type-post status-publish format-standard has-post-thumbnail hentry category-actualites\">\n<div class=\"fusion-post-wrapper\" style=\"background-color:rgba(255,255,255,1);border:1px solid #ef7d00;border-bottom-width:3px;\">\n\n\t\t\t<div class=\"fusion-flexslider flexslider fusion-flexslider-loading fusion-post-slideshow\" style=\"border-color:#ef7d00;\">\n\t\t<ul class=\"slides\">\n\t\t\t\n\t\t\t\t\t\t\t\t\t\t\t\t\t\t<li><div  class=\"fusion-image-wrapper\" aria-haspopup=\"true\">\n\t\t\t\t<img decoding=\"async\" width=\"841\" height=\"700\" src=\"https:\/\/akz-schweiz.ch\/wp-content\/uploads\/2023\/03\/Bericht_1.jpg\" class=\"attachment-full size-full wp-post-image\" alt=\"\" srcset=\"https:\/\/akz-schweiz.ch\/wp-content\/uploads\/2023\/03\/Bericht_1-200x166.jpg 200w, https:\/\/akz-schweiz.ch\/wp-content\/uploads\/2023\/03\/Bericht_1-400x333.jpg 400w, https:\/\/akz-schweiz.ch\/wp-content\/uploads\/2023\/03\/Bericht_1-600x499.jpg 600w, https:\/\/akz-schweiz.ch\/wp-content\/uploads\/2023\/03\/Bericht_1-800x666.jpg 800w, https:\/\/akz-schweiz.ch\/wp-content\/uploads\/2023\/03\/Bericht_1.jpg 841w\" sizes=\"(min-width: 2200px) 100vw, (min-width: 784px) 373px, (min-width: 712px) 560px, (min-width: 640px) 712px, \" \/><div class=\"fusion-rollover\">\n\t<div class=\"fusion-rollover-content\">\n\n\t\t\t\t\n\t\t\n\t\t\t\t\t\t\t\t\n\t\t\t\t\t\t\t\t\n\t\t\n\t\t\t\t\t\t<a class=\"fusion-link-wrapper\" href=\"https:\/\/akz-schweiz.ch\/fr\/decharge-controlee-de-la-batterie-hv-pour-le-recyclage\/\" aria-label=\"D\u00e9charge contr\u00f4l\u00e9e de la batterie HV pour le recyclage\"><\/a>\n\t<\/div>\n<\/div>\n<\/div>\n<\/li>\n\t\t\t\n\t\t\t\n\t\t\t\t\t\t\t\t\t\t\t\t\t\t\t\t\t\t\t\t\t\t\t\t\t\t\t\t\t\t\t\t\t\t\t\t\t\t\t\t\t\t\t\t\t\t\t\t\t\t\t\t\t\t\t\t\t\t\t\t\t\t\t\t\t\t\t\t<\/ul>\n\t<\/div>\n\t<div class=\"fusion-post-content-wrapper\" style=\"padding:30px 25px 25px 25px;\"><div class=\"fusion-post-content post-content\"><h2 class=\"blog-shortcode-post-title entry-title\"><a href=\"https:\/\/akz-schweiz.ch\/fr\/decharge-controlee-de-la-batterie-hv-pour-le-recyclage\/\">D\u00e9charge contr\u00f4l\u00e9e de la batterie HV pour le recyclage<\/a><\/h2><div class=\"fusion-post-content-container\"><p><strong>En fonctionnement normal, une batterie HT d\u2019un v\u00e9hicule \u00e9lectrique est [\u2026]<\/strong><\/p>\n<\/div><\/div><\/div><div class=\"fusion-clearfix\"><\/div><\/div>\n<\/article>\n<article id=\"blog-1-post-788\" class=\"fusion-post-grid post-788 post type-post status-publish format-standard has-post-thumbnail hentry category-actualites\">\n<div class=\"fusion-post-wrapper\" style=\"background-color:rgba(255,255,255,1);border:1px solid #ef7d00;border-bottom-width:3px;\">\n\n\t\t\t<div class=\"fusion-flexslider flexslider fusion-flexslider-loading fusion-post-slideshow\" style=\"border-color:#ef7d00;\">\n\t\t<ul class=\"slides\">\n\t\t\t\n\t\t\t\t\t\t\t\t\t\t\t\t\t\t<li><div  class=\"fusion-image-wrapper\" aria-haspopup=\"true\">\n\t\t\t\t<img decoding=\"async\" width=\"1200\" height=\"689\" src=\"https:\/\/akz-schweiz.ch\/wp-content\/uploads\/2023\/03\/Bericht_2.jpg\" class=\"attachment-full size-full wp-post-image\" alt=\"\" srcset=\"https:\/\/akz-schweiz.ch\/wp-content\/uploads\/2023\/03\/Bericht_2-200x115.jpg 200w, https:\/\/akz-schweiz.ch\/wp-content\/uploads\/2023\/03\/Bericht_2-400x230.jpg 400w, https:\/\/akz-schweiz.ch\/wp-content\/uploads\/2023\/03\/Bericht_2-600x345.jpg 600w, https:\/\/akz-schweiz.ch\/wp-content\/uploads\/2023\/03\/Bericht_2-800x459.jpg 800w, https:\/\/akz-schweiz.ch\/wp-content\/uploads\/2023\/03\/Bericht_2.jpg 1200w\" sizes=\"(min-width: 2200px) 100vw, (min-width: 784px) 373px, (min-width: 712px) 560px, (min-width: 640px) 712px, \" \/><div class=\"fusion-rollover\">\n\t<div class=\"fusion-rollover-content\">\n\n\t\t\t\t\n\t\t\n\t\t\t\t\t\t\t\t\n\t\t\t\t\t\t\t\t\n\t\t\n\t\t\t\t\t\t<a class=\"fusion-link-wrapper\" href=\"https:\/\/akz-schweiz.ch\/fr\/le-scientifique-en-chef-de-toyota-insiste-sur-le-mix-de-propulsion-et-met-en-garde-contre-le-manque-de-ressources\/\" aria-label=\"Le scientifique en chef de Toyota insiste sur le mix de propulsion et met en garde contre le manque de ressources\"><\/a>\n\t<\/div>\n<\/div>\n<\/div>\n<\/li>\n\t\t\t\n\t\t\t\n\t\t\t\t\t\t\t\t\t\t\t\t\t\t\t\t\t\t\t\t\t\t\t\t\t\t\t\t\t\t\t\t\t\t\t\t\t\t\t\t\t\t\t\t\t\t\t\t\t\t\t\t\t\t\t\t\t\t\t\t\t\t\t\t\t\t\t\t<\/ul>\n\t<\/div>\n\t<div class=\"fusion-post-content-wrapper\" style=\"padding:30px 25px 25px 25px;\"><div class=\"fusion-post-content post-content\"><h2 class=\"blog-shortcode-post-title entry-title\"><a href=\"https:\/\/akz-schweiz.ch\/fr\/le-scientifique-en-chef-de-toyota-insiste-sur-le-mix-de-propulsion-et-met-en-garde-contre-le-manque-de-ressources\/\">Le scientifique en chef de Toyota insiste sur le mix de propulsion et met en garde contre le manque de ressources<\/a><\/h2><div class=\"fusion-post-content-container\"><p><strong>Les voitures \u00e9lectriques sont en plein boom et de nombreux [\u2026]<\/strong><\/p>\n<\/div><\/div><\/div><div class=\"fusion-clearfix\"><\/div><\/div>\n<\/article>\n<article id=\"blog-1-post-771\" class=\"fusion-post-grid post-771 post type-post status-publish format-standard has-post-thumbnail hentry category-actualites\">\n<div class=\"fusion-post-wrapper\" style=\"background-color:rgba(255,255,255,1);border:1px solid #ef7d00;border-bottom-width:3px;\">\n\n\t\t\t<div class=\"fusion-flexslider flexslider fusion-flexslider-loading fusion-post-slideshow\" style=\"border-color:#ef7d00;\">\n\t\t<ul class=\"slides\">\n\t\t\t\n\t\t\t\t\t\t\t\t\t\t\t\t\t\t<li><div  class=\"fusion-image-wrapper\" aria-haspopup=\"true\">\n\t\t\t\t<img decoding=\"async\" width=\"1024\" height=\"769\" src=\"https:\/\/akz-schweiz.ch\/wp-content\/uploads\/2023\/03\/Bericht_3.jpg\" class=\"attachment-full size-full wp-post-image\" alt=\"\" srcset=\"https:\/\/akz-schweiz.ch\/wp-content\/uploads\/2023\/03\/Bericht_3-200x150.jpg 200w, https:\/\/akz-schweiz.ch\/wp-content\/uploads\/2023\/03\/Bericht_3-400x300.jpg 400w, https:\/\/akz-schweiz.ch\/wp-content\/uploads\/2023\/03\/Bericht_3-600x451.jpg 600w, https:\/\/akz-schweiz.ch\/wp-content\/uploads\/2023\/03\/Bericht_3-800x601.jpg 800w, https:\/\/akz-schweiz.ch\/wp-content\/uploads\/2023\/03\/Bericht_3.jpg 1024w\" sizes=\"(min-width: 2200px) 100vw, (min-width: 784px) 373px, (min-width: 712px) 560px, (min-width: 640px) 712px, \" \/><div class=\"fusion-rollover\">\n\t<div class=\"fusion-rollover-content\">\n\n\t\t\t\t\n\t\t\n\t\t\t\t\t\t\t\t\n\t\t\t\t\t\t\t\t\n\t\t\n\t\t\t\t\t\t<a class=\"fusion-link-wrapper\" href=\"https:\/\/akz-schweiz.ch\/fr\/un-concentre-de-faits-lors-du-2e-liba-protect-forum-a-bienne\/\" aria-label=\"Un concentr\u00e9 de \u00ab\u00a0faits\u00a0\u00bb lors du 2e Liba Protect Forum \u00e0 Bienne.\"><\/a>\n\t<\/div>\n<\/div>\n<\/div>\n<\/li>\n\t\t\t\n\t\t\t\n\t\t\t\t\t\t\t\t\t\t\t\t\t\t\t\t\t\t\t\t\t\t\t\t\t\t\t\t\t\t\t\t\t\t\t\t\t\t\t\t\t\t\t\t\t\t\t\t\t\t\t\t\t\t\t\t\t\t\t\t\t\t\t\t\t\t\t\t<\/ul>\n\t<\/div>\n\t<div class=\"fusion-post-content-wrapper\" style=\"padding:30px 25px 25px 25px;\"><div class=\"fusion-post-content post-content\"><h2 class=\"blog-shortcode-post-title entry-title\"><a href=\"https:\/\/akz-schweiz.ch\/fr\/un-concentre-de-faits-lors-du-2e-liba-protect-forum-a-bienne\/\">Un concentr\u00e9 de \u00ab\u00a0faits\u00a0\u00bb lors du 2e Liba Protect Forum \u00e0 Bienne.<\/a><\/h2><div class=\"fusion-post-content-container\"><p><strong>Pas moins de six membres du comit\u00e9 directeur de l\u2019akz [\u2026]<\/strong><\/p>\n<\/div><\/div><\/div><div class=\"fusion-clearfix\"><\/div><\/div>\n<\/article>\n<article id=\"blog-1-post-663\" class=\"fusion-post-grid post-663 post type-post status-publish format-standard has-post-thumbnail hentry category-actualites\">\n<div class=\"fusion-post-wrapper\" style=\"background-color:rgba(255,255,255,1);border:1px solid #ef7d00;border-bottom-width:3px;\">\n\n\t\t\t<div class=\"fusion-flexslider flexslider fusion-flexslider-loading fusion-post-slideshow\" style=\"border-color:#ef7d00;\">\n\t\t<ul class=\"slides\">\n\t\t\t\n\t\t\t\t\t\t\t\t\t\t\t\t\t\t<li><div  class=\"fusion-image-wrapper\" aria-haspopup=\"true\">\n\t\t\t\t<img decoding=\"async\" width=\"2560\" height=\"1920\" src=\"https:\/\/akz-schweiz.ch\/wp-content\/uploads\/2022\/05\/EN-Normen-scaled.jpg\" class=\"attachment-full size-full wp-post-image\" alt=\"\" srcset=\"https:\/\/akz-schweiz.ch\/wp-content\/uploads\/2022\/05\/EN-Normen-200x150.jpg 200w, https:\/\/akz-schweiz.ch\/wp-content\/uploads\/2022\/05\/EN-Normen-400x300.jpg 400w, https:\/\/akz-schweiz.ch\/wp-content\/uploads\/2022\/05\/EN-Normen-600x450.jpg 600w, https:\/\/akz-schweiz.ch\/wp-content\/uploads\/2022\/05\/EN-Normen-800x600.jpg 800w, https:\/\/akz-schweiz.ch\/wp-content\/uploads\/2022\/05\/EN-Normen-1200x900.jpg 1200w, https:\/\/akz-schweiz.ch\/wp-content\/uploads\/2022\/05\/EN-Normen-scaled.jpg 2560w\" sizes=\"(min-width: 2200px) 100vw, (min-width: 784px) 373px, (min-width: 712px) 560px, (min-width: 640px) 712px, \" \/><div class=\"fusion-rollover\">\n\t<div class=\"fusion-rollover-content\">\n\n\t\t\t\t\n\t\t\n\t\t\t\t\t\t\t\t\n\t\t\t\t\t\t\t\t\n\t\t\n\t\t\t\t\t\t<a class=\"fusion-link-wrapper\" href=\"https:\/\/akz-schweiz.ch\/fr\/les-formations-pour-les-vehicules-a-gaz-se-basent-desormais-sur-les-normes-en\/\" aria-label=\"Les formations pour les v\u00e9hicules \u00e0 gaz se basent d\u00e9sormais sur les normes EN\"><\/a>\n\t<\/div>\n<\/div>\n<\/div>\n<\/li>\n\t\t\t\n\t\t\t\n\t\t\t\t\t\t\t\t\t\t\t\t\t\t\t\t\t\t\t\t\t\t\t\t\t\t\t\t\t\t\t\t\t\t\t\t\t\t\t\t\t\t\t\t\t\t\t\t\t\t\t\t\t\t\t\t\t\t\t\t\t\t\t\t\t\t\t\t<\/ul>\n\t<\/div>\n\t<div class=\"fusion-post-content-wrapper\" style=\"padding:30px 25px 25px 25px;\"><div class=\"fusion-post-content post-content\"><h2 class=\"blog-shortcode-post-title entry-title\"><a href=\"https:\/\/akz-schweiz.ch\/fr\/les-formations-pour-les-vehicules-a-gaz-se-basent-desormais-sur-les-normes-en\/\">Les formations pour les v\u00e9hicules \u00e0 gaz se basent d\u00e9sormais sur les normes EN<\/a><\/h2><div class=\"fusion-post-content-container\"><p>Les formations pour les v\u00e9hicules \u00e0 gaz se basent d\u00e9sormais [\u2026]<\/p>\n<\/div><\/div><\/div><div class=\"fusion-clearfix\"><\/div><\/div>\n<\/article>\n<div class=\"fusion-clearfix\"><\/div><\/div><\/div><\/div><\/div><\/div><\/div><\/p>\n","protected":false},"excerpt":{"rendered":"","protected":false},"author":1,"featured_media":0,"parent":0,"menu_order":0,"comment_status":"closed","ping_status":"closed","template":"100-width.php","meta":{"_seopress_robots_primary_cat":"","_seopress_titles_title":"","_seopress_titles_desc":"","_seopress_robots_index":"","footnotes":""},"class_list":["post-546","page","type-page","status-publish","hentry"],"_links":{"self":[{"href":"https:\/\/akz-schweiz.ch\/fr\/wp-json\/wp\/v2\/pages\/546","targetHints":{"allow":["GET"]}}],"collection":[{"href":"https:\/\/akz-schweiz.ch\/fr\/wp-json\/wp\/v2\/pages"}],"about":[{"href":"https:\/\/akz-schweiz.ch\/fr\/wp-json\/wp\/v2\/types\/page"}],"author":[{"embeddable":true,"href":"https:\/\/akz-schweiz.ch\/fr\/wp-json\/wp\/v2\/users\/1"}],"replies":[{"embeddable":true,"href":"https:\/\/akz-schweiz.ch\/fr\/wp-json\/wp\/v2\/comments?post=546"}],"version-history":[{"count":19,"href":"https:\/\/akz-schweiz.ch\/fr\/wp-json\/wp\/v2\/pages\/546\/revisions"}],"predecessor-version":[{"id":1411,"href":"https:\/\/akz-schweiz.ch\/fr\/wp-json\/wp\/v2\/pages\/546\/revisions\/1411"}],"wp:attachment":[{"href":"https:\/\/akz-schweiz.ch\/fr\/wp-json\/wp\/v2\/media?parent=546"}],"curies":[{"name":"wp","href":"https:\/\/api.w.org\/{rel}","templated":true}]}}